{"id":2133,"date":"2024-04-03T17:03:08","date_gmt":"2024-04-03T17:03:08","guid":{"rendered":"https:\/\/biztipont.hu\/?page_id=2133"},"modified":"2025-03-31T09:00:42","modified_gmt":"2025-03-31T09:00:42","slug":"felhasznalasi-feltetelek","status":"publish","type":"page","link":"https:\/\/biztipont.hu\/?page_id=2133","title":{"rendered":"Felhaszn\u00e1l\u00e1si felt\u00e9telek"},"content":{"rendered":"\t\t<div data-elementor-type=\"wp-page\" data-elementor-id=\"2133\" class=\"elementor elementor-2133\" data-elementor-post-type=\"page\">\n\t\t\t\t<div class=\"elementor-element elementor-element-f410dc7 e-flex e-con-boxed e-con e-parent\" data-id=\"f410dc7\" data-element_type=\"container\" data-e-type=\"container\">\n\t\t\t\t\t<div class=\"e-con-inner\">\n\t\t\t\t<div class=\"elementor-element elementor-element-14b82b3 elementor-widget elementor-widget-heading\" data-id=\"14b82b3\" data-element_type=\"widget\" data-e-type=\"widget\" data-widget_type=\"heading.default\">\n\t\t\t\t\t<h2 class=\"elementor-heading-title elementor-size-default\">FELHASZN\u00c1L\u00c1SI FELT\u00c9TELEK<\/h2>\t\t\t\t<\/div>\n\t\t\t\t\t<\/div>\n\t\t\t\t<\/div>\n\t\t<div class=\"elementor-element elementor-element-d78ed81 e-flex e-con-boxed e-con e-parent\" data-id=\"d78ed81\" data-element_type=\"container\" data-e-type=\"container\">\n\t\t\t\t\t<div class=\"e-con-inner\">\n\t\t\t\t<div class=\"elementor-element elementor-element-5886637 elementor-widget elementor-widget-text-editor\" data-id=\"5886637\" data-element_type=\"widget\" data-e-type=\"widget\" data-widget_type=\"text-editor.default\">\n\t\t\t\t\t\t\t\t\t<p>Az al\u00e1bbiakban r\u00e9szletezett rendelkez\u00e9sek a MK Alkusz Kft. (sz\u00e9khely: 9200 Mosonmagyar\u00f3v\u00e1r, Fert\u0151sor 8.; c\u00e9gjegyz\u00e9ksz\u00e1m: 08-09-037613 a tov\u00e1bbiakban: <strong>T\u00e1rsas\u00e1g<\/strong>) \u00e1ltal \u00fczemeltetett, <u><a href=\"http:\/\/www.biztipont.hu%20\">www.biztipont.hu <\/a><\/u>URL alatt el\u00e9rhet\u0151 weboldal (a tov\u00e1bbiakban: <strong>Weboldal<\/strong>) ig\u00e9nybev\u00e9tel\u00e9re vonatkoz\u00f3 felhaszn\u00e1l\u00e1si felt\u00e9telek (a tov\u00e1bbiakban: <strong>Felhaszn\u00e1l\u00e1si Felt\u00e9telek<\/strong>).<\/p>\n<p>A Weboldal megl\u00e1togat\u00e1s\u00e1val (megnyit\u00e1s\u00e1val) egyidej\u0171leg a Weboldal l\u00e1togat\u00f3ja (a tov\u00e1bbiakban: <strong>Felhaszn\u00e1l\u00f3<\/strong>) mindenf\u00e9le korl\u00e1toz\u00e1s \u00e9s fenntart\u00e1s n\u00e9lk\u00fcl elfogadja az al\u00e1bbi Felhaszn\u00e1l\u00e1si Felt\u00e9teleket.<\/p>\n<h5>I.&nbsp;<u>Felel\u0151ss\u00e9g<\/u><\/h5>\n<p><strong>&nbsp;<\/strong><span style=\"background-color: transparent; color: var( --e-global-color-text ); font-family: var( --e-global-typography-text-font-family ), Sans-serif; font-weight: var( --e-global-typography-text-font-weight );\">A Weboldal tartalma tiszt\u00e1n t\u00e1j\u00e9koztat\u00f3 c\u00e9l\u00fa, az nem min\u0151s\u00fcl semmilyen form\u00e1ban teljes k\u00f6r\u0171 ismertet\u0151nek, sem aj\u00e1nlatt\u00e9telnek vagy b\u00e1rmilyen \u00fczleti c\u00e9l\u00fa, egyoldal\u00fa nyilatkozatt\u00e9telnek. Ennek megfelel\u0151en a Weboldaldalon esetlegesen felmer\u00fcl\u0151 \u00e1tmeneti pontatlans\u00e1gok, esetleges hi\u00e1nyoss\u00e1gok semmilyen m\u00f3don nem alapoznak meg a T\u00e1rsas\u00e1ggal szemben szerz\u0151d\u00e9sk\u00f6t\u00e9si, k\u00e1rt\u00e9r\u00edt\u00e9si vagy egy\u00e9b anyagi ig\u00e9nyt, a T\u00e1rsas\u00e1g az ezekkel kapcsolatos helyt\u00e1ll\u00e1si k\u00f6telezetts\u00e9g\u00e9t kiz\u00e1rja. Eml\u00edtettek ellen\u00e9re a T\u00e1rsas\u00e1g mindent megtesz annak \u00e9rdek\u00e9ben, hogy az el\u0151bbiekben hivatkozott esetleges hi\u00e1nyoss\u00e1gok \u00e9s\/vagy pontatlans\u00e1gok ne forduljanak el\u0151. A Weboldal \u00fczemeltet\u00e9se sor\u00e1n haszn\u00e1lt szoftver informatikai megfelel\u0151s\u00e9g\u00e9nek ellen\u0151rz\u00e9se \u00e9rdek\u00e9ben a T\u00e1rsas\u00e1g az elv\u00e1rhat\u00f3 gondoss\u00e1ggal j\u00e1rt el, \u00e1m tekintettel arra, hogy az \u00fczemeltet\u00e9s k\u00fcls\u0151 szolg\u00e1ltat\u00f3 bevon\u00e1s\u00e1val biztos\u00edtott, \u00edgy annak pontoss\u00e1g\u00e1\u00e9rt, megb\u00edzhat\u00f3s\u00e1g\u00e1\u00e9rt, teljess\u00e9g\u00e9\u00e9rt, adott c\u00e9lra val\u00f3 alkalmass\u00e1g\u00e1\u00e9rt \u00e9s az ezek hi\u00e1ny\u00e1b\u00f3l ered\u0151 k\u00f6zvetlen vagy k\u00f6zvetett k\u00e1rok\u00e9rt a T\u00e1rsas\u00e1g semmilyen felel\u0151ss\u00e9get nem v\u00e1llal.<\/span><\/p>\n<p>A Weboldalon megismerhet\u0151k a T\u00e1rsas\u00e1g szolg\u00e1ltat\u00e1sai, a Weboldalon megadott inform\u00e1ci\u00f3k azonban kiz\u00e1r\u00f3lag t\u00e1j\u00e9koztat\u00f3 jelleg\u0171ek, nem min\u0151s\u00fclnek a szolg\u00e1ltat\u00e1sok r\u00e9szletes ismertet\u00e9s\u00e9nek. A Weboldalon el\u00e9rhet\u0151 b\u00e1rmilyen dokument\u00e1ci\u00f3 \u00e9s\/vagy inform\u00e1ci\u00f3 nem tekinthet\u0151 aj\u00e1nlatt\u00e9telnek.<\/p>\n<ul>\n<li>A T\u00e1rsas\u00e1g nem v\u00e1llal semmilyen felel\u0151ss\u00e9get olyan \u2013 els\u0151sorban sz\u00e1m\u00edt\u00e1stechnikai v\u00edrus, illetve k\u00fcls\u0151 \u201ehacker\u201d (cracker) t\u00e1mad\u00e1sok okozta \u2013 k\u00e1rok\u00e9rt, amelyek a Felhaszn\u00e1l\u00f3 sz\u00e1m\u00edt\u00e1stechnikai berendez\u00e9s\u00e9ben vagy egy\u00e9b tulajdon\u00e1ban a bel\u00e9p\u00e9s, a szolg\u00e1ltat\u00e1sok, a Weboldal haszn\u00e1lata, illetve elektronikus levelez\u00e9s sor\u00e1n keletkeztek. El\u0151bbiek alapj\u00e1n a Felhaszn\u00e1l\u00f3 k\u00f6teles a Weboldalon tal\u00e1lhat\u00f3 dokumentumok, inform\u00e1ci\u00f3k let\u00f6lt\u00e9s\u00e9t megel\u0151z\u0151en gondoskodni a megfelel\u0151 v\u00edrusv\u00e9delemr\u0151l.<\/li>\n<li>A T\u00e1rsas\u00e1g nem tartozik felel\u0151ss\u00e9ggel olyan magatart\u00e1s\u00e9rt, k\u00fcl\u00f6n\u00f6sen k\u00e1r\u00e9rt, amely a Weboldal \u2013 szolg\u00e1ltat\u00e1s \u2013 szakszer\u0171tlen, jogszer\u0171tlen haszn\u00e1lat\u00e1b\u00f3l ered.<\/li>\n<li>A Felhaszn\u00e1l\u00f3t felt\u00e9telen \u00e9s korl\u00e1tlan felel\u0151ss\u00e9g terheli mind a T\u00e1rsas\u00e1ggal, mind harmadik szem\u00e9llyel szemben a Felhaszn\u00e1l\u00f3 \u00e1ltal szolg\u00e1ltatott adat, inform\u00e1ci\u00f3 val\u00f3s\u00e1gtartalm\u00e1\u00e9rt, illetve jogszer\u0171s\u00e9g\u00e9\u00e9rt. A Felhaszn\u00e1l\u00f3 el\u0151bbi rendelkez\u00e9s megs\u00e9rt\u00e9s\u00e9b\u0151l ered\u0151 k\u00e1rok\u00e9rt korl\u00e1tlan helyt\u00e1ll\u00e1si k\u00f6telezetts\u00e9ggel (felel\u0151ss\u00e9ggel) tartozik.<\/li>\n<\/ul>\n<ul>\n<li>Tilos b\u00e1rmilyen olyan rendszer vagy megold\u00e1s haszn\u00e1lata, amely a Weboldal \u00fczemeltet\u00e9s\u00e9hez haszn\u00e1lt szerverek le\u00e1ll\u00e1s\u00e1t c\u00e9lozza, vagy azt eredm\u00e9nyezheti, vagy amely egy\u00e9b m\u00f3don vesz\u00e9lyezteti vagy vesz\u00e9lyeztetheti a Weboldal m\u0171k\u00f6dtet\u00e9s\u00e9t.<\/li>\n<li>A Weboldal tartalmazhat olyan internetes weboldalhoz t\u00f6rt\u00e9n\u0151, a T\u00e1rsas\u00e1gt\u00f3l f\u00fcggetlen kapcsol\u00f3d\u00e1sokat (hiperlinkek), amelyek harmadik szem\u00e9lyek gondoz\u00e1s\u00e1ban \u00e1llnak, \u00e9s amelyek tartalm\u00e1\u00e9rt a T\u00e1rsas\u00e1g nem v\u00e1llal semmilyen felel\u0151ss\u00e9get, \u00edgy k\u00fcl\u00f6n\u00f6sen az idegen weboldalakon, illetve weboldalakkal elk\u00f6vetett jogszab\u00e1lys\u00e9rt\u00e9sek\u00e9rt, illetve okozott k\u00e1rok\u00e9rt.<\/li>\n<\/ul>\n<h5>II.&nbsp;&nbsp;<u>Szerz\u0151i jogok<\/u><\/h5>\n<p><strong>&nbsp;<\/strong><span style=\"background-color: transparent; color: var( --e-global-color-text ); font-family: var( --e-global-typography-text-font-family ), Sans-serif; font-weight: var( --e-global-typography-text-font-weight );\">A Weboldal tartalma (pld. v\u00e9djegy, sz\u00f6veg, adat, vide\u00f3, audio, k\u00e9p stb.), a Weboldal k\u00fcls\u0151 megjelen\u00e9se, illetve a Weboldal m\u0171k\u00f6d\u00e9s\u00e9hez alkalmazott szoftver a T\u00e1rsas\u00e1g kiz\u00e1r\u00f3lagos szellemi tulajdon\u00e1t k\u00e9pezi, annak \u2013 ak\u00e1r online, ak\u00e1r nyomtatott vagy b\u00e1rmilyen egy\u00e9b m\u00f3don t\u00f6rt\u00e9n\u0151 \u2013 felhaszn\u00e1l\u00e1s\u00e1ra kiz\u00e1r\u00f3lag a T\u00e1rsas\u00e1g el\u0151zetes hozz\u00e1j\u00e1rul\u00e1s\u00e1val (enged\u00e9ly\u00e9vel) ker\u00fclhet sor.<\/span><\/p>\n<p>A Weboldal egyes r\u00e9szei kiz\u00e1r\u00f3lag egy\u00e9ni (saj\u00e1t) felhaszn\u00e1l\u00e1s c\u00e9lj\u00e1b\u00f3l menthet\u0151k vagy nyomtathat\u00f3k ki. El\u0151bbi jogosults\u00e1g azonban nem jelent hozz\u00e1j\u00e1rul\u00e1st (enged\u00e9lyt) a let\u00f6lt\u00f6tt anyagok kereskedelmi c\u00e9llal t\u00f6rt\u00e9n\u0151 t\u00f6bbsz\u00f6r\u00f6z\u00e9s\u00e9hez, terjeszt\u00e9s\u00e9hez, hozz\u00e1f\u00e9rhet\u0151v\u00e9 (let\u00f6lthet\u0151v\u00e9) t\u00e9tel\u00e9hez, adatb\u00e1zisban val\u00f3 t\u00e1rol\u00e1s\u00e1hoz, illetve b\u00e1rmilyen \u00e1tdolgoz\u00e1s\u00e1hoz.<\/p>\n<ul>\n<li>A Weboldalon tal\u00e1lhat\u00f3 k\u00e9peket a Felhaszn\u00e1l\u00f3 a szerz\u0151i jogosult enged\u00e9ly\u00e9vel haszn\u00e1lhatja fel. El\u0151bbi enged\u00e9lye n\u00e9lk\u00fcl t\u00f6rt\u00e9n\u0151 felhaszn\u00e1l\u00e1suk s\u00e9rti a szerz\u0151i \u00e9s a szem\u00e9lyis\u00e9gi jogok v\u00e9delm\u00e9r\u0151l sz\u00f3l\u00f3 jogszab\u00e1lyokat.<\/li>\n<li>Jelen pontban foglaltak megs\u00e9rt\u00e9s\u00e9\u00e9rt a Felhaszn\u00e1l\u00f3 felt\u00e9tlen \u00e9s korl\u00e1tlan felel\u0151ss\u00e9ggel<\/li>\n<\/ul>\n<h5>III.&nbsp;&nbsp;<u>Cookie<\/u><\/h5>\n<h5><strong style=\"color: var( --e-global-color-text ); font-family: var( --e-global-typography-text-font-family ), Sans-serif; font-size: 1rem;\">&nbsp;<\/strong><span style=\"color: var( --e-global-color-text ); font-family: var( --e-global-typography-text-font-family ), Sans-serif; font-weight: var( --e-global-typography-text-font-weight ); background-color: transparent; font-size: 1rem;\">A T\u00e1rsas\u00e1g \u00fan. cookie-kat (s\u00fctiket) haszn\u00e1l a Weboldal\u00e1n.<\/span><\/h5>\n<ul>\n<li>A cookie (s\u00fcti) a webszerver \u00e1ltal k\u00fcld\u00f6tt, v\u00e1ltoz\u00f3 tartalm\u00fa, alfanumerikus inform\u00e1ci\u00f3 csomag, amely a Felhaszn\u00e1l\u00f3 sz\u00e1m\u00edt\u00f3g\u00e9p\u00e9n r\u00f6gz\u00fcl \u00e9s el\u0151re meghat\u00e1rozott \u00e9rv\u00e9nyess\u00e9gi ideig t\u00e1rol\u00e1sra ker\u00fcl. A cookie-k az adott webhely k\u00fcl\u00f6nb\u00f6z\u0151 weblapjai k\u00f6z\u00f6tti navig\u00e1l\u00e1s \u00e9s a webhely k\u00e9s\u0151bbi megl\u00e1togat\u00e1s\u00e1nak megk\u00f6nny\u00edt\u00e9se \u00e9rdek\u00e9ben t\u00e1rolnak \u00e1llapotadatokat.<\/li>\n<li>A keres\u0151 t\u00e1rol\u00e1s\u00e1nak c\u00e9lja a felhaszn\u00e1l\u00f3i \u00e9lm\u00e9ny n\u00f6vel\u00e9se az\u00e1ltal, hogy meg\u0151rzik a l\u00e1togat\u00f3 \u00e1ltal prefer\u00e1lt inform\u00e1ci\u00f3kat, am\u00edg egy adott oldalon tart\u00f3zkodik.<\/li>\n<li>A keres\u0151 nem k\u00e9pes a Felhaszn\u00e1l\u00f3 azonos\u00edt\u00e1s\u00e1ra, kiz\u00e1r\u00f3lag a l\u00e1togat\u00f3 sz\u00e1m\u00edt\u00f3g\u00e9p\u00e9nek felismer\u00e9s\u00e9re alkalmas. A cookie-k nem alkalmasak k\u00f3d (azaz programok) futtat\u00e1s\u00e1ra vagy v\u00edrusok m\u00e1sik sz\u00e1m\u00edt\u00f3g\u00e9pre t\u00f6rt\u00e9n\u0151 eljuttat\u00e1s\u00e1ra.<\/li>\n<li>A Felhaszn\u00e1l\u00f3 saj\u00e1t internet b\u00f6ng\u00e9sz\u0151j\u00e9ben letilthatja vagy enged\u00e9lyezheti cookie-k telep\u00edt\u00e9s\u00e9t sz\u00e1m\u00edt\u00f3g\u00e9p\u00e9re, azonban fontos tudni, hogy valamennyi s\u00fcti elutas\u00edt\u00e1sa ugyan seg\u00edtheti szem\u00e9lyes adataink v\u00e9delm\u00e9t, azonban egyes weboldalak haszn\u00e1lhat\u00f3s\u00e1g\u00e1t korl\u00e1tozhatja. Meg kell jegyezn\u00fcnk azonban, hogy az egyszer\u0171 b\u00f6ng\u00e9sz\u00e9shez cookie haszn\u00e1lata, enged\u00e9lyez\u00e9se nem sz\u00fcks\u00e9ges. A s\u00fctik enged\u00e9lyez\u00e9s\u00e9t vagy letilt\u00e1s\u00e1t \u00e1ltal\u00e1ban az internet b\u00f6ng\u00e9sz\u0151k Eszk\u00f6z\u00f6k\/Be\u00e1ll\u00edt\u00e1sok men\u00fcj\u00e9ben, az Adatv\u00e9delem be\u00e1ll\u00edt\u00e1sai alatt, a cookie vagy s\u00fcti men\u00fcpontokban v\u00e9gezheti el a Felhaszn\u00e1l\u00f3.<\/li>\n<\/ul>\n<ul>\n<li>A Felhaszn\u00e1l\u00f3 sz\u00e1m\u00edt\u00f3g\u00e9pe merevlemez\u00e9re kor\u00e1bban m\u00e1r telep\u00edtett s\u00fctiket, azok \u00e9rv\u00e9nyess\u00e9gi idej\u00e9nek lej\u00e1rt\u00e1t megel\u0151z\u0151en t\u00f6r\u00f6lheti. A t\u00f6rl\u00e9sre t\u00f6bbnyire az internet b\u00f6ng\u00e9sz\u0151 Eszk\u00f6z\u00f6k\/Be\u00e1ll\u00edt\u00e1sok men\u00fcj\u00e9ben, az El\u0151zm\u00e9nyek ter\u00fclet T\u00f6rl\u00e9s men\u00fcpontj\u00e1ban van lehet\u0151s\u00e9g.<\/li>\n<li>Harmadik f\u00e9lt\u0151l sz\u00e1rmaz\u00f3 s\u00fctik sz\u00e1m\u00edt\u00f3g\u00e9pre, telefonra, t\u00e1blag\u00e9pre ment\u00e9se megt\u00f6rt\u00e9nhet az oldal l\u00e1togat\u00e1sa sor\u00e1n.<\/li>\n<li>B\u0151vebb inform\u00e1ci\u00f3k\u00e9rt a s\u00fctikr\u0151l, bele\u00e9rtve az elhelyezett s\u00fctik megtekint\u00e9s\u00e9t, kezel\u00e9s\u00e9t \u00e9s t\u00f6rl\u00e9s\u00e9t, l\u00e1togassa meg a <a href=\"http:\/\/www.allaboutcookies.org\/\">allaboutcookies.org <\/a>angol nyelv\u0171 oldalt.<\/li>\n<\/ul>\n<h5>IV.&nbsp;<u>Google Analytics<\/u><\/h5>\n<p><span style=\"color: var( --e-global-color-secondary ); font-family: var( --e-global-typography-text-font-family ), Sans-serif; font-weight: var( --e-global-typography-text-font-weight ); font-size: 1rem;\">A Google Analytics f\u00e1jljai a Weboldal monitoroz\u00e1s\u00e1hoz sz\u00fcks\u00e9gesek, valamint inform\u00e1ci\u00f3szerz\u00e9sre szolg\u00e1lnak a Weboldal felhaszn\u00e1l\u00e1s\u00e1nak m\u00f3dj\u00e1r\u00f3l. Ezeket az inform\u00e1ci\u00f3kat statisztik\u00e1k k\u00e9sz\u00edt\u00e9s\u00e9re \u00e9s a Weboldal tov\u00e1bbi fejleszt\u00e9s\u00e9re haszn\u00e1ljuk. A Google Analytics f\u00e1jljai az inform\u00e1ci\u00f3kat anonim form\u00e1ban t\u00e1rolj\u00e1k, mint pl. a Weboldalt l\u00e1togat\u00f3k sz\u00e1ma, vagy a megtekintett oldalak. Ezek a f\u00e1jlok a Google Analytics \u00e1ltal ker\u00fclnek be\u00e1ll\u00edt\u00e1sra. Tov\u00e1bbi inform\u00e1ci\u00f3 el\u00e9r\u00e9s\u00e9hez l\u00e1togassa meg a <\/span><a href=\"http:\/\/www.google.com\/analytics\" style=\"font-family: var( --e-global-typography-text-font-family ), Sans-serif; font-weight: var( --e-global-typography-text-font-weight ); background-color: rgb(255, 255, 255); font-size: 1rem;\">http:\/\/www.google.com\/analytics<\/a><span style=\"color: var( --e-global-color-secondary ); font-family: var( --e-global-typography-text-font-family ), Sans-serif; font-weight: var( --e-global-typography-text-font-weight ); font-size: 1rem;\"> magyar nyelv\u0171 oldalt.<\/span><\/p>\n<h5>V.&nbsp;<u>Adatkezel\u00e9s<\/u><\/h5>\n<p><span style=\"color: var( --e-global-color-secondary ); font-family: var( --e-global-typography-text-font-family ), Sans-serif; font-weight: var( --e-global-typography-text-font-weight ); font-size: 1rem;\">A Weboldal \u201e\u00cdrjon nek\u00fcnk\u201d rovat\u00e1ban t\u00f6rt\u00e9n\u0151 kapcsolatfelv\u00e9tellel a Felhaszn\u00e1l\u00f3 \u00f6nk\u00e9ntes \u00e9s kifejezett hozz\u00e1j\u00e1rul\u00e1s\u00e1t adja ahhoz, hogy a T\u00e1rsas\u00e1g, mint adatkezel\u0151 a Felhaszn\u00e1l\u00f3 \u00e1ltal megadott szem\u00e9lyes adatokat (n\u00e9v \u00e9s e-mail c\u00edm) a Felhaszn\u00e1l\u00f3val val\u00f3 kapcsolattart\u00e1s c\u00e9lj\u00e1b\u00f3l kezelje.<\/span><\/p>\n<p>A T\u00e1rsas\u00e1g fenntartja mag\u00e1nak a jogot, hogy a Weboldal, illetve jelen Felhaszn\u00e1l\u00e1si Felt\u00e9telek tartalm\u00e1t b\u00e1rmikor megv\u00e1ltoztassa. Az aktu\u00e1lis, mindenkor hat\u00e1lyos Felhaszn\u00e1l\u00e1si Felt\u00e9telekr\u0151l a Felhaszn\u00e1l\u00f3 a Weboldal \u201eFelhaszn\u00e1l\u00e1si Felt\u00e9telek\u201d r\u00e9sze alatt t\u00e1j\u00e9koz\u00f3dhat folyamatosan.<\/p>\n<p>Az adatkezel\u00e9sr\u0151l val\u00f3 r\u00e9szletes t\u00e1j\u00e9koztat\u00e1s a T\u00e1rsas\u00e1g Adatkezel\u00e9si T\u00e1j\u00e9koztat\u00f3j\u00e1ban tal\u00e1lhat\u00f3, amely a <u><a href=\"http:\/\/www.biztipont.hu\/adatvedelem%20\">www.biztipont.hu\/adatvedelem <\/a><\/u>weboldalon \u00e9rhet\u0151 el.<\/p>\t\t\t\t\t\t\t\t<\/div>\n\t\t\t\t\t<\/div>\n\t\t\t\t<\/div>\n\t\t\t\t<\/div>\n\t\t","protected":false},"excerpt":{"rendered":"<p>FELHASZN\u00c1L\u00c1SI FELT\u00c9TELEK Az al\u00e1bbiakban r\u00e9szletezett rendelkez\u00e9sek a MK Alkusz Kft. (sz\u00e9khely: 9200 Mosonmagyar\u00f3v\u00e1r, Fert\u0151sor 8.; c\u00e9gjegyz\u00e9ksz\u00e1m: 08-09-037613 a tov\u00e1bbiakban: T\u00e1rsas\u00e1g) \u00e1ltal \u00fczemeltetett, www.biztipont.hu URL alatt el\u00e9rhet\u0151 weboldal (a tov\u00e1bbiakban: Weboldal) ig\u00e9nybev\u00e9tel\u00e9re vonatkoz\u00f3 felhaszn\u00e1l\u00e1si felt\u00e9telek (a tov\u00e1bbiakban: Felhaszn\u00e1l\u00e1si Felt\u00e9telek). A Weboldal megl\u00e1togat\u00e1s\u00e1val (megnyit\u00e1s\u00e1val) egyidej\u0171leg a Weboldal l\u00e1togat\u00f3ja (a tov\u00e1bbiakban: Felhaszn\u00e1l\u00f3) mindenf\u00e9le korl\u00e1toz\u00e1s \u00e9s fenntart\u00e1s n\u00e9lk\u00fcl elfogadja [&hellip;]<\/p>\n","protected":false},"author":1,"featured_media":0,"parent":0,"menu_order":0,"comment_status":"closed","ping_status":"closed","template":"","meta":{"footnotes":""},"class_list":["post-2133","page","type-page","status-publish","hentry"],"_links":{"self":[{"href":"https:\/\/biztipont.hu\/index.php?rest_route=\/wp\/v2\/pages\/2133","targetHints":{"allow":["GET"]}}],"collection":[{"href":"https:\/\/biztipont.hu\/index.php?rest_route=\/wp\/v2\/pages"}],"about":[{"href":"https:\/\/biztipont.hu\/index.php?rest_route=\/wp\/v2\/types\/page"}],"author":[{"embeddable":true,"href":"https:\/\/biztipont.hu\/index.php?rest_route=\/wp\/v2\/users\/1"}],"replies":[{"embeddable":true,"href":"https:\/\/biztipont.hu\/index.php?rest_route=%2Fwp%2Fv2%2Fcomments&post=2133"}],"version-history":[{"count":0,"href":"https:\/\/biztipont.hu\/index.php?rest_route=\/wp\/v2\/pages\/2133\/revisions"}],"wp:attachment":[{"href":"https:\/\/biztipont.hu\/index.php?rest_route=%2Fwp%2Fv2%2Fmedia&parent=2133"}],"curies":[{"name":"wp","href":"https:\/\/api.w.org\/{rel}","templated":true}]}}